{"id":5037,"date":"2022-03-07T14:04:12","date_gmt":"2022-03-07T12:04:12","guid":{"rendered":"https:\/\/www.primariacalan.ro\/?page_id=5037"},"modified":"2022-03-07T14:04:13","modified_gmt":"2022-03-07T12:04:13","slug":"declaratii-de-avere-si-de-interese-functionari-2016","status":"publish","type":"page","link":"https:\/\/www.primariacalan.ro\/?page_id=5037","title":{"rendered":"DECLARA\u021aII de AVERE \u0219i DE INTERESE FUNC\u021aIONARI 2016"},"content":{"rendered":"\n<ul class=\"has-small-font-size\"><li><a href=\"https:\/\/www.primariacalan.ro\/wp-content\/uploads\/2022\/03\/Avere-Ilona-Ionel.pdf\">Ilona Ionel<\/a><\/li><li><a href=\"https:\/\/www.primariacalan.ro\/wp-content\/uploads\/2022\/03\/Avere-Lascoi-Catalina.pdf\">L\u0103scoi C\u0103t\u0103lina<\/a><\/li><li><a href=\"https:\/\/www.primariacalan.ro\/wp-content\/uploads\/2022\/03\/Avere-Tudorache-Diana.pdf\">Tudorache Diana<\/a><\/li><li><a href=\"https:\/\/www.primariacalan.ro\/wp-content\/uploads\/2022\/03\/Barbu-Tiberiu-2.pdf\">Barbu Tiberiu<\/a><\/li><li><a href=\"https:\/\/www.primariacalan.ro\/wp-content\/uploads\/2022\/03\/Barbu-Tiberiu-2.pdf\">Barbu Tiberiu<\/a><\/li><li><a href=\"https:\/\/www.primariacalan.ro\/wp-content\/uploads\/2022\/03\/Bolocan-Dorin.pdf\">Bolocan Dorin Florin<\/a><\/li><li><a href=\"https:\/\/www.primariacalan.ro\/wp-content\/uploads\/2022\/03\/Bolocan-Florin-Dorin.pdf\">Bolocan Dorin Florin<\/a><\/li><li><a href=\"https:\/\/www.primariacalan.ro\/wp-content\/uploads\/2022\/03\/Crisan-Marinel.pdf\">Cri\u0219an Marinel<\/a><\/li><li><a href=\"https:\/\/www.primariacalan.ro\/wp-content\/uploads\/2022\/03\/Crisan-Marinel-1.pdf\">Cri\u0219an Marinel<\/a><\/li><li><a href=\"https:\/\/www.primariacalan.ro\/wp-content\/uploads\/2022\/03\/DAn-Elena-2.pdf\">Dan Elena<\/a><\/li><li><a href=\"https:\/\/www.primariacalan.ro\/wp-content\/uploads\/2022\/03\/DAn-Elena.pdf\">Dan Elena<\/a><\/li><li><a href=\"https:\/\/www.primariacalan.ro\/wp-content\/uploads\/2022\/03\/Dimulescu-Camelia-Maria-2.pdf\">Dimulescu Camelia Maria<\/a><\/li><li><a href=\"https:\/\/www.primariacalan.ro\/wp-content\/uploads\/2022\/03\/Dimulescu-Camelia-Maria.pdf\">Dimulescu Camelia Maria<\/a><\/li><li><a href=\"https:\/\/www.primariacalan.ro\/wp-content\/uploads\/2022\/03\/Dobestean-Alin-2.pdf\">Dobestean Alin<\/a><\/li><li><a href=\"https:\/\/www.primariacalan.ro\/wp-content\/uploads\/2022\/03\/Dobestean-Alin.pdf\">Dobe\u0219tean Alin<\/a><\/li><li><a href=\"https:\/\/www.primariacalan.ro\/wp-content\/uploads\/2022\/03\/Dobre-Avere.pdf\">Dobre<\/a><\/li><li><a href=\"https:\/\/www.primariacalan.ro\/wp-content\/uploads\/2022\/03\/Dobre-interese.pdf\">Dobre<\/a><\/li><li><a href=\"https:\/\/www.primariacalan.ro\/wp-content\/uploads\/2022\/03\/Eckert-Maria-2.pdf\">Eckert Maria<\/a><\/li><li><a href=\"https:\/\/www.primariacalan.ro\/wp-content\/uploads\/2022\/03\/Eckert-Maria.pdf\">Eckert Maria<\/a><\/li><li><a href=\"https:\/\/www.primariacalan.ro\/wp-content\/uploads\/2022\/03\/Interese-Ilona-Ionel.pdf\">Ilona Ionel<\/a><\/li><li><a href=\"https:\/\/www.primariacalan.ro\/wp-content\/uploads\/2022\/03\/Interese-Lascoi-Catalina.pdf\">L\u0103scoi C\u0103t\u0103lina<\/a><\/li><li><a href=\"https:\/\/www.primariacalan.ro\/wp-content\/uploads\/2022\/03\/Interese-Tudorache-Diana.pdf\">Tudorache Diana<\/a><\/li><li><a href=\"https:\/\/www.primariacalan.ro\/wp-content\/uploads\/2022\/03\/Jianu-Ioana-2.pdf\">Jianu Ioana<\/a><\/li><li><a href=\"https:\/\/www.primariacalan.ro\/wp-content\/uploads\/2022\/03\/Jianu-Ioana.pdf\">Jianu Ioana<\/a><\/li><li><a href=\"https:\/\/www.primariacalan.ro\/wp-content\/uploads\/2022\/03\/Lapusan-Florica.pdf\">L\u0103pu\u0219an Florica<\/a><\/li><li><a href=\"https:\/\/www.primariacalan.ro\/wp-content\/uploads\/2022\/03\/Lapusan-Florica-1.pdf\">L\u0103pu\u0219an Florica<\/a><\/li><li><a href=\"https:\/\/www.primariacalan.ro\/wp-content\/uploads\/2022\/03\/Lupulesc-Laurean.pdf\">Lupulesc Laurean<\/a><\/li><li><a href=\"https:\/\/www.primariacalan.ro\/wp-content\/uploads\/2022\/03\/Lupulesc-Leorean.pdf\">Lupulesc Laurean<\/a><\/li><li><a href=\"https:\/\/www.primariacalan.ro\/wp-content\/uploads\/2022\/03\/Matesoni-Romica.pdf\">Mate\u0219oni Valeriu Romic\u0103<\/a><\/li><li><a href=\"https:\/\/www.primariacalan.ro\/wp-content\/uploads\/2022\/03\/Matesoni-Valeriu-Romica.pdf\">Mate\u0219oni Valeriu Romic\u0103<\/a><\/li><li><a href=\"https:\/\/www.primariacalan.ro\/wp-content\/uploads\/2022\/03\/Mihaita-Petru-2.pdf\">Mihaita Petru<\/a><\/li><li><a href=\"https:\/\/www.primariacalan.ro\/wp-content\/uploads\/2022\/03\/MIhaita-Petru.pdf\">Mih\u0103i\u021b\u0103 Petru<\/a><\/li><li><a href=\"https:\/\/www.primariacalan.ro\/wp-content\/uploads\/2022\/03\/Moconi-Samir-Cornel.pdf\">Moconi Samir Cornel<\/a><\/li><li><a href=\"https:\/\/www.primariacalan.ro\/wp-content\/uploads\/2022\/03\/Moconi-Samir.pdf\">Moconi Samir Cornel<\/a><\/li><li><a href=\"https:\/\/www.primariacalan.ro\/wp-content\/uploads\/2022\/03\/Muntean-Cornel-Marius-2.pdf\">Muntean Cornel Marius<\/a><\/li><li><a href=\"https:\/\/www.primariacalan.ro\/wp-content\/uploads\/2022\/03\/Muntean-Cornel-Marius.pdf\">Muntean Cornel Marius<\/a><\/li><li><a href=\"https:\/\/www.primariacalan.ro\/wp-content\/uploads\/2022\/03\/Muntean-Dana-ANca-2.pdf\">Muntean Dana Anca<\/a><\/li><li><a href=\"https:\/\/www.primariacalan.ro\/wp-content\/uploads\/2022\/03\/Muntean-Dana-Anca.pdf\">Muntean Dana Anca<\/a><\/li><li><a href=\"https:\/\/www.primariacalan.ro\/wp-content\/uploads\/2022\/03\/Muntean-Sanda-2.pdf\">Muntean Sanda<\/a><\/li><li><a href=\"https:\/\/www.primariacalan.ro\/wp-content\/uploads\/2022\/03\/Muntean-Sanda.pdf\">Muntean Sanda<\/a><\/li><li><a href=\"https:\/\/www.primariacalan.ro\/wp-content\/uploads\/2022\/03\/Nanciu-Ioan-2.pdf\">Nanciu Ioan<\/a><\/li><li><a href=\"https:\/\/www.primariacalan.ro\/wp-content\/uploads\/2022\/03\/Nanciu-Ioan.pdf\">Nanciu Ioan<\/a><\/li><li><a href=\"https:\/\/www.primariacalan.ro\/wp-content\/uploads\/2022\/03\/Otel-Luciana-Lucretia.pdf\">O\u021bel Luciana Lucre\u021bia<\/a><\/li><li><a href=\"https:\/\/www.primariacalan.ro\/wp-content\/uploads\/2022\/03\/Otel-Luciana-Lucretia-1.pdf\">O\u021bel Luciana Lucre\u021bia<\/a><\/li><li><a href=\"https:\/\/www.primariacalan.ro\/wp-content\/uploads\/2022\/03\/Pandelea-Loredana-2.pdf\">Pandelea Loredana<\/a><\/li><li><a href=\"https:\/\/www.primariacalan.ro\/wp-content\/uploads\/2022\/03\/Pandelea-Loredana.pdf\">Pandelea Loredana<\/a><\/li><li><a href=\"https:\/\/www.primariacalan.ro\/wp-content\/uploads\/2022\/03\/Popa-Cristinel-2.pdf\">Popa Cristinel<\/a><\/li><li><a href=\"https:\/\/www.primariacalan.ro\/wp-content\/uploads\/2022\/03\/Popa-Cristinel.pdf\">Popa Cristinel<\/a><\/li><li><a href=\"https:\/\/www.primariacalan.ro\/wp-content\/uploads\/2022\/03\/Prejban-Romolus.pdf\">Prejban Romolus<\/a><\/li><li><a href=\"https:\/\/www.primariacalan.ro\/wp-content\/uploads\/2022\/03\/Prejban-IOn-Romulus.pdf\">Prejban Romolus<\/a><\/li><li><a href=\"https:\/\/www.primariacalan.ro\/wp-content\/uploads\/2022\/03\/Roman-Melania-2.pdf\">Roman Melania<\/a><\/li><li><a href=\"https:\/\/www.primariacalan.ro\/wp-content\/uploads\/2022\/03\/Roman-Melania.pdf\">Roman Melania<\/a><\/li><li><a href=\"https:\/\/www.primariacalan.ro\/wp-content\/uploads\/2022\/03\/Roman-Nicolae-2.pdf\">Roman Nicolae<\/a><\/li><li><a href=\"https:\/\/www.primariacalan.ro\/wp-content\/uploads\/2022\/03\/Roman-NIcolae.pdf\">Roman Nicolae<\/a><\/li><li><a href=\"https:\/\/www.primariacalan.ro\/wp-content\/uploads\/2022\/03\/Rus-Ana-Victoria-2.pdf\">Rus Ana Victoria<\/a><\/li><li><a href=\"https:\/\/www.primariacalan.ro\/wp-content\/uploads\/2022\/03\/RUs-Ana-Victoria.pdf\">Rus Ana Victoria<\/a><\/li><li><a href=\"https:\/\/www.primariacalan.ro\/wp-content\/uploads\/2022\/03\/Silaghi-Anisoara-MIhaela.pdf\">Silaghi Ani\u0219oara Mihaela<\/a><\/li><li><a href=\"https:\/\/www.primariacalan.ro\/wp-content\/uploads\/2022\/03\/Silaghi-MIhaela-ANisoara.pdf\">Silaghi Ani\u0219oara Mihaela<\/a><\/li><li><a href=\"https:\/\/www.primariacalan.ro\/wp-content\/uploads\/2022\/03\/Socaci-Ciprian.pdf\">Socaci Ciprian<\/a><\/li><li><a href=\"https:\/\/www.primariacalan.ro\/wp-content\/uploads\/2022\/03\/Socaci-Stefan-Ciprian.pdf\">Socaci Ciprian<\/a><\/li><li><a href=\"https:\/\/www.primariacalan.ro\/wp-content\/uploads\/2022\/03\/Solari-EMil-2.pdf\">Solari Emil<\/a><\/li><li><a href=\"https:\/\/www.primariacalan.ro\/wp-content\/uploads\/2022\/03\/Solari-Emil.pdf\">Solari Emil<\/a><\/li><li><a href=\"https:\/\/www.primariacalan.ro\/wp-content\/uploads\/2022\/03\/Stanciu-Petru-2.pdf\">Stanciu Petre<\/a><\/li><li><a href=\"https:\/\/www.primariacalan.ro\/wp-content\/uploads\/2022\/03\/Stanciu-Petru.pdf\">Stanciu Petre<\/a><\/li><li><a href=\"https:\/\/www.primariacalan.ro\/wp-content\/uploads\/2022\/03\/Stoian-Florin-2.pdf\">Stoian Florin<\/a><\/li><li><a href=\"https:\/\/www.primariacalan.ro\/wp-content\/uploads\/2022\/03\/Stoian-Florin.pdf\">Stoian Florin<\/a><\/li><li><a href=\"https:\/\/www.primariacalan.ro\/wp-content\/uploads\/2022\/03\/SUciu-IOan-Silviu.pdf\">Suciu Ioan Silviu<\/a><\/li><li><a href=\"https:\/\/www.primariacalan.ro\/wp-content\/uploads\/2022\/03\/Suciu-Silviu.pdf\">Suciu Ioan Silviu<\/a><\/li><li><a href=\"https:\/\/www.primariacalan.ro\/wp-content\/uploads\/2022\/03\/Thirt-Daniel-2.pdf\">Thirt Daniel<\/a><\/li><li><a href=\"https:\/\/www.primariacalan.ro\/wp-content\/uploads\/2022\/03\/Thirt-Daniel.pdf\">Thirt Daniel<\/a><\/li><li><a href=\"https:\/\/www.primariacalan.ro\/wp-content\/uploads\/2022\/03\/Toader-Constantin-2.pdf\">Toader Constantin<\/a><\/li><li><a href=\"https:\/\/www.primariacalan.ro\/wp-content\/uploads\/2022\/03\/Toader-Constantin.pdf\">Toader Constantin<\/a><\/li><li><a href=\"https:\/\/www.primariacalan.ro\/wp-content\/uploads\/2022\/03\/Toma-Corina-2.pdf\">Toma Corina<\/a><\/li><li><a href=\"https:\/\/www.primariacalan.ro\/wp-content\/uploads\/2022\/03\/Toma-Corina.pdf\">Toma Corina<\/a><\/li><li><a href=\"https:\/\/www.primariacalan.ro\/wp-content\/uploads\/2022\/03\/Valceanu-Ana-Maria.pdf\">V\u00e2lceanu Ana Maria<\/a><\/li><li><a href=\"https:\/\/www.primariacalan.ro\/wp-content\/uploads\/2022\/03\/Vilceanu-Ana-Maria.pdf\">V\u00e2lceanu Ana Maria<\/a><\/li><li><a href=\"https:\/\/www.primariacalan.ro\/wp-content\/uploads\/2022\/03\/Vulpe-Stelian-Ioan.pdf\">Vulpe Stelian Ioan<\/a><\/li><li><a href=\"https:\/\/www.primariacalan.ro\/wp-content\/uploads\/2022\/03\/Vulpe-Stelian.pdf\">Vulpe Stelian Ioan<\/a><\/li><\/ul>\n","protected":false},"excerpt":{"rendered":"<p>Ilona Ionel L\u0103scoi C\u0103t\u0103lina Tudorache Diana Barbu Tiberiu Barbu Tiberiu Bolocan Dorin Florin Bolocan Dorin Florin Cri\u0219an Marinel Cri\u0219an Marinel Dan Elena Dan Elena Dimulescu Camelia Maria Dimulescu Camelia Maria&hellip;<\/p>\n","protected":false},"author":1,"featured_media":0,"parent":0,"menu_order":0,"comment_status":"closed","ping_status":"closed","template":"","meta":{"_acf_changed":false,"footnotes":""},"folder":[],"acf":[],"_links":{"self":[{"href":"https:\/\/www.primariacalan.ro\/index.php?rest_route=\/wp\/v2\/pages\/5037"}],"collection":[{"href":"https:\/\/www.primariacalan.ro\/index.php?rest_route=\/wp\/v2\/pages"}],"about":[{"href":"https:\/\/www.primariacalan.ro\/index.php?rest_route=\/wp\/v2\/types\/page"}],"author":[{"embeddable":true,"href":"https:\/\/www.primariacalan.ro\/index.php?rest_route=\/wp\/v2\/users\/1"}],"replies":[{"embeddable":true,"href":"https:\/\/www.primariacalan.ro\/index.php?rest_route=%2Fwp%2Fv2%2Fcomments&post=5037"}],"version-history":[{"count":1,"href":"https:\/\/www.primariacalan.ro\/index.php?rest_route=\/wp\/v2\/pages\/5037\/revisions"}],"predecessor-version":[{"id":5116,"href":"https:\/\/www.primariacalan.ro\/index.php?rest_route=\/wp\/v2\/pages\/5037\/revisions\/5116"}],"wp:attachment":[{"href":"https:\/\/www.primariacalan.ro\/index.php?rest_route=%2Fwp%2Fv2%2Fmedia&parent=5037"}],"wp:term":[{"taxonomy":"folder","embeddable":true,"href":"https:\/\/www.primariacalan.ro\/index.php?rest_route=%2Fwp%2Fv2%2Ffolder&post=5037"}],"curies":[{"name":"wp","href":"https:\/\/api.w.org\/{rel}","templated":true}]}}