{"id":209,"date":"2023-01-03T11:45:08","date_gmt":"2023-01-03T09:45:08","guid":{"rendered":"https:\/\/demo.blazethemes.com\/news-cast\/cart\/"},"modified":"2026-04-17T14:48:06","modified_gmt":"2026-04-17T11:48:06","slug":"cart","status":"publish","type":"page","link":"https:\/\/www.primariacalan.ro\/?page_id=209","title":{"rendered":"TRANSPAREN\u021a\u0102 DECIZIONAL\u0102"},"content":{"rendered":"<p><b><i><span lang=\"ES-PE\">Persoana responsabil\u0103\u00a0<\/span><\/i><\/b><b><i><span lang=\"ES-PE\">pentru rela\u021bia cu societatea civil\u0103 \u00een cadrul unit\u0103\u021bii administrativ teritoriale Ora\u0219 C\u0103lan &#8211; Gruescu Larisa-Lucia;<\/span><\/i><\/b><\/p>\n<ul>\n<li><span style=\"font-size: 14pt;\"><strong><span style=\"color: #0000ff;\">RAPOARTE &#8211; TRANSPAREN\u021a\u0102 DECIZIONALA :<\/span><span style=\"font-size: 18px;\"> <a href=\"https:\/\/www.primariacalan.ro\/wp-content\/uploads\/2023\/02\/RAPORT-TRANSPARENTA-DECIZIONALA-AN-2022.pdf\">2022<\/a> &#8211; <a href=\"https:\/\/www.primariacalan.ro\/wp-content\/uploads\/2024\/02\/Raport-transparenta-decizionala-an-2023.pdf\">2023 <\/a>&#8211; <a href=\"https:\/\/www.primariacalan.ro\/wp-content\/uploads\/2025\/02\/Raport-integritate-2024.pdf\">2024<\/a><\/span><\/strong><\/span><span style=\"font-size: 18px;\"> <strong>&#8211; <\/strong><a href=\"https:\/\/www.primariacalan.ro\/wp-content\/uploads\/2026\/02\/RAPORT-TRANSPARENTA-DECIZIONAL-2025.pdf\"><strong>2025<\/strong><\/a><\/span><\/li>\n<li><span style=\"font-size: 13px;\"><strong>16.04.2026 &#8211; <\/strong><a href=\"https:\/\/www.primariacalan.ro\/wp-content\/uploads\/2026\/04\/ANUNT.pdf\">ANUN\u021a<\/a> &#8211; <a href=\"https:\/\/www.primariacalan.ro\/wp-content\/uploads\/2026\/04\/buget-scan.pdf\">Proiect de hot\u0103r\u00e2re nr. 26\/2026 cu privire la\u00a0aprobarea bugetului local al ora\u0219ului C\u0103lan \u0219i a bugetului activit\u0103\u021bilor finan\u021bate integral din venituri proprii pentru anul 2026, cu estim\u0103rile pentru anii 2027 \u2013 2029<\/a><\/span><\/li>\n<li><span style=\"font-size: 13px;\"><strong>02.04.2026<\/strong> &#8211; <a href=\"https:\/\/www.primariacalan.ro\/wp-content\/uploads\/2026\/04\/ANUNT-PHCL_23_2026.pdf\">ANUN\u021a<\/a> &#8211; <a href=\"https:\/\/www.primariacalan.ro\/wp-content\/uploads\/2026\/04\/P.23.-aprobare-PUZ-Babaci.pdf\">Proiect de hot\u0103r\u00e2re nr.23\/2026 privind insu\u0219irea raportului inform\u0103rii \u0219i consult\u0103rii publicului nr. 1589\/06.10.2025 \u0219i aprobarea PUZ \u0219i RLU aferent pentru \u201eIntroducere in intravilan \u0219i parcelare \u00een vederea construirii de locuin\u021be\u201d<\/a><\/span><\/li>\n<li><span style=\"font-size: 13px;\"><strong>19.01.2026<\/strong> &#8211; <a href=\"https:\/\/www.primariacalan.ro\/wp-content\/uploads\/2026\/01\/Anunt-PHCL_9_2026.pdf\">ANUN\u021a<\/a> &#8211; <a href=\"https:\/\/www.primariacalan.ro\/wp-content\/uploads\/2026\/01\/Proiect-de-hotarare-nr.9_2026.pdf\">Proiect de hot\u0103r\u00e2re nr.9\/2026 privind actualizarea cuantumului taxei speciale de salubrizare in ora\u0219ul C\u0103lan<\/a><\/span><\/li>\n<li><span style=\"font-size: 13px;\"><strong>06.10.2025<\/strong> &#8211; <a href=\"https:\/\/www.primariacalan.ro\/wp-content\/uploads\/2025\/10\/anunt-PHCL_83_2025.pdf\">ANUN\u021a<\/a> &#8211; <a href=\"https:\/\/www.primariacalan.ro\/wp-content\/uploads\/2025\/10\/P.83.-IMPOZITE-pe-2026-pentru-trasnparenta.pdf\">Proiect de hot\u0103r\u00e2re nr.83\/2025 cu privire la stabilirea impozitelor \u0219i taxelor locale pentru anul 2026<\/a><\/span><\/li>\n<li><strong><span style=\"font-size: 13px;\">01.09.2025 &#8211; <\/span><\/strong><span style=\"font-size: 13px;\"><a href=\"https:\/\/www.primariacalan.ro\/wp-content\/uploads\/2025\/09\/ANUNT-PHCL_75_2025.pdf\">ANUN\u021a<\/a> &#8211; <\/span><span style=\"font-size: 13px;\"><a href=\"https:\/\/www.primariacalan.ro\/wp-content\/uploads\/2025\/09\/PHCL_75_2025.pdf\">Proiect de hot\u0103r\u00e2re nr. 75\/2025cu privire la \u00eensu\u0219irea Raportului inform\u0103rii \u0219i consult\u0103rii publicului nr.16465\/04.06.2025 \u0219i aprobarea P.U.Z. \u0219i R.L.U. aferent pentru \u201dZON\u0102 REZIDEN\u021aIAL\u0102\u201d jude\u021bul Hunedoara, ora\u0219 C\u0103lan &#8211; extravilan <\/a>&#8211; <a href=\"https:\/\/www.primariacalan.ro\/wp-content\/uploads\/2025\/09\/RAPORT-INFORMARE-SI-CONSULTARE-PUBLIC.pdf\">Raport consultare \u0219i informare PHCL 75\/2025<\/a><\/span><\/li>\n<li><span style=\"font-size: 13px;\"><strong>01.08.2025 &#8211; <\/strong><a href=\"https:\/\/www.primariacalan.ro\/wp-content\/uploads\/2025\/08\/Anunt-PHCL_662025.pdf\">ANUN\u021a<\/a> &#8211; <a href=\"https:\/\/www.primariacalan.ro\/wp-content\/uploads\/2025\/08\/PHCL_66_2025.pdf\"><span lang=\"ES-PE\">Proiectul de hot\u0103r\u00e2re nr. 66\/2025<\/span><i>,\u00a0<\/i>privind aprobarea Planului anual de ac\u021biune privind serviciile sociale administrate \u0219i finan\u021bate din bugetul ora\u0219ului C\u0103lan pentru anul 2025<\/a><\/span><\/li>\n<li><span style=\"font-size: 13px;\"><strong>01.08.2025<\/strong> &#8211; <a href=\"https:\/\/www.primariacalan.ro\/wp-content\/uploads\/2025\/08\/Anunt-PHCL-nr.-65_2025.pdf\">ANUN\u021a<\/a> &#8211; <a href=\"https:\/\/www.primariacalan.ro\/wp-content\/uploads\/2025\/08\/PHCL-NR_65_2025.pdf\"><span lang=\"ES-PE\">Proiectul de hot\u0103r\u00e2re nr. 65\/2025 privind aprobarea Programului de ac\u021biune comunitar\u0103 pentru prevenirea \u0219i combaterea riscului de s\u0103r\u0103cie \u0219i excluziune social\u0103, la nivelul UAT C\u0103lan pentru anul 2025.<\/span><\/a><\/span><\/li>\n<li><span style=\"font-size: 13px;\"><strong>30.04.2025<\/strong> &#8211; <a href=\"https:\/\/www.primariacalan.ro\/wp-content\/uploads\/2025\/05\/anunt-phcl_33_2025.pdf\">ANUN\u021a<\/a> &#8211; <a href=\"https:\/\/www.primariacalan.ro\/wp-content\/uploads\/2025\/05\/PHCL_33_2025.pdf\"><span lang=\"ES-PE\">Proiectul de hot\u0103r\u00e2re nr. 33\/2025\u00a0<\/span>cu privire la aprobarea procedurii\u00a0de eliberare a autoriza\u021biei de func\u021bionare pentru parcurile de distrac\u021bii \u0219i spa\u021biile de joac\u0103\u00a0\u0219i a\u00a0regulamentului de organizare \u0219i func\u021bionare a spa\u021biilor de joac\u0103 situate pe domeniul public al ora\u0219ului C\u0103lan.<\/a><\/span><\/li>\n<li><span style=\"font-size: 13px;\"><strong>19.03.2025<\/strong> &#8211;<a href=\"https:\/\/www.primariacalan.ro\/wp-content\/uploads\/2025\/03\/Anunt-PHCL_19_2025.pdf\"> ANUN\u021a<\/a> &#8211; <a href=\"https:\/\/www.primariacalan.ro\/wp-content\/uploads\/2025\/03\/P.-HCL_19_2025-Program-finantari-nerambursabile.pdf\"><span lang=\"ES-PE\">Proiectul de hot\u0103r\u00e2re nr. 19\/2025<\/span>,\u00a0cu privire la aprobarea\u00a0Programului pentru acordarea de finan\u021b\u0103ri nerambursabile\u00a0din fonduri alocate de la bugetul local al ora\u0219ului C\u0103lan pe anul 2025 pentru activit\u0103\u021bi nonprofit de interes local.<\/a><\/span><\/li>\n<li><span style=\"font-size: 13px;\"><strong>10.03.2025<\/strong> &#8211; <a href=\"https:\/\/www.primariacalan.ro\/wp-content\/uploads\/2025\/03\/Anunt.pdf\">ANUN\u021a<\/a> &#8211; <a href=\"https:\/\/www.primariacalan.ro\/wp-content\/uploads\/2025\/03\/PHCL_14_2025_CRITERII-FOND-LOCATIV.pdf\"><span lang=\"ES-PE\">Proiectul de hot\u0103r\u00e2re nr. 14\/2025\u00a0<\/span><span lang=\"ES-PE\">cu privire la aprobarea\u00a0<\/span><span lang=\"ES-PE\">criteriilor\u00a0<\/span><span lang=\"ES-PE\">\u0219i a documentelor justificative<\/span><span lang=\"ES-PE\">\u00a0<\/span><span lang=\"ES-PE\">necesare pentru\u00a0<\/span><span lang=\"ES-PE\">repartizarea cu chirie a locuin\u021belor convenabile din fondul locativ de stat<\/span><\/a><\/span><\/li>\n<li><strong><span style=\"font-size: 13px;\">21.02.2025 &#8211; <\/span><\/strong><span style=\"font-size: 13px;\"><a href=\"https:\/\/www.primariacalan.ro\/wp-content\/uploads\/2025\/02\/ANUNT-PHCL_12_2025_APROBARE-BUGET.pdf\">ANUN\u021a<\/a> &#8211; <a href=\"https:\/\/www.primariacalan.ro\/wp-content\/uploads\/2025\/02\/PHCL_12_2025_APROBARE-BUGET.pdf\">Proiectul de hotarare nr. 12\/2025\u00a0cu\u00a0privire la\u00a0aprobarea bugetului local al ora\u0219ului C\u0103lan \u0219i a bugetului activit\u0103\u021bilor finan\u021bate integral din venituri proprii pentru anul 2025, cu estim\u0103rile pentru anii 2026 \u2013 2028<\/a><\/span><\/li>\n<li><span style=\"font-size: 13px;\"><strong>23.01.2025<\/strong> &#8211; <a href=\"https:\/\/www.primariacalan.ro\/wp-content\/uploads\/2025\/01\/ANUNT-PHCL_6_2025.pdf\">ANUN\u021a<\/a> &#8211; <a href=\"https:\/\/www.primariacalan.ro\/wp-content\/uploads\/2025\/01\/PHCL_6_2025.pdf\"><span lang=\"ES-PE\">Proiectul de hot\u0103r\u00e2re nr. 6\/2025<\/span><i>,<\/i><i>\u00a0<\/i>cu privire la aprobarea Regulamentului de atribuire a locurilor de parcare \u00een parc\u0103rile de re\u0219edin\u021b\u0103 din ora\u0219ul C\u0103lan<\/a><\/span><\/li>\n<li><span style=\"font-size: 13px;\"><strong>29.11.2024<\/strong> &#8211; <a href=\"https:\/\/www.primariacalan.ro\/wp-content\/uploads\/2024\/12\/Anunt-PHCL_129_2024.pdf\">ANUN\u021a\u00a0<\/a> &#8211; <a href=\"https:\/\/www.primariacalan.ro\/wp-content\/uploads\/2024\/12\/PHCL_129_2024_TARIFE-TRANSPORT-TAXI.pdf\"><span lang=\"ES-PE\">Proiect de hot\u0103r\u00e2re nr. 129\/2024<\/span><i>,\u00a0<\/i>cu privire la majorarea tarifelor maximale pentru serviciile de transport public local de persoane \u00een regim de taxi, \u00een ora\u0219ul C\u0103lan.<\/a><\/span><\/li>\n<li><span style=\"font-size: 13px;\"><strong>29.11.2024<\/strong> &#8211; <a href=\"https:\/\/www.primariacalan.ro\/wp-content\/uploads\/2024\/12\/Anunt-PHCL_128_2024.pdf\">ANUN\u021a<\/a>\u00a0 &#8211; <a href=\"https:\/\/www.primariacalan.ro\/wp-content\/uploads\/2024\/12\/PHCL_128_2024_TARIFE-PIATA-AGROALIMENTARA.pdf\">Proiect de hot\u0103r\u00e2re nr. 128\/2024<span lang=\"ES-PE\">\u00a0<\/span>cu privire\u00a0la aprobarea cuantumului tarifelor pentru desf\u0103\u0219urarea de activit\u0103\u021bi comerciale pentru serviciile prestate \u00een pia\u021ba agroalimentar\u0103, \u00een t\u00e2rgul din Brani\u0219te \u0219i \u00een alte locuri publice de desfacere din ora\u0219ul C\u0103lan.<\/a><\/span><\/li>\n<li><span style=\"font-family: 'times new roman', times; font-size: 13px;\"><strong>01.10.2024<\/strong> &#8211; <a href=\"https:\/\/www.primariacalan.ro\/wp-content\/uploads\/2024\/10\/Anunt-PHCL-100_2024.pdf\">ANUN\u021a<\/a> &#8211;<a href=\"https:\/\/www.primariacalan.ro\/wp-content\/uploads\/2024\/10\/PHCL_100_2024.pdf\"> PHCL_100_2024 cu privire la stabilirea impozitelor \u0219i taxelor locale pentru anul 2025<\/a> &#8211; <a href=\"https:\/\/www.primariacalan.ro\/wp-content\/uploads\/2024\/10\/Raport-de-specialitate.pdf\">Raport de specialitate<\/a> &#8211;<a href=\"https:\/\/www.primariacalan.ro\/wp-content\/uploads\/2024\/10\/referat-de-aprobare.pdf\"> Referat de aprobare<\/a><\/span><\/li>\n<li><span style=\"font-family: 'times new roman', times; font-size: 13px;\"><strong>01.04.2024<\/strong> &#8211; <a href=\"https:\/\/www.primariacalan.ro\/wp-content\/uploads\/2024\/04\/ANUNT-PHCL_36_2024.pdf\">ANUN\u021a<\/a> &#8211; <a href=\"https:\/\/www.primariacalan.ro\/wp-content\/uploads\/2024\/04\/PHCL_36_2024.pdf\"><span lang=\"ES-PE\">Proiectul de hot\u0103r\u00e2re nr 36\/2024\u00a0<\/span><span lang=\"ES-PE\">privind aprobarea\u00a0<\/span><span lang=\"ES-PE\">Planului anual de ac\u021biune privind serviciile sociale administrate \u0219i finan\u021bate din bugetul ora\u0219ului C\u0103lan pentru anul 2024<\/span><\/a><\/span><\/li>\n<li><span style=\"font-family: 'times new roman', times; font-size: 13px;\"><strong>01.04.2024 &#8211; <\/strong><a href=\"https:\/\/www.primariacalan.ro\/wp-content\/uploads\/2024\/04\/ANUNT-PHCL_35_2024.pdf\">ANUN\u021a<\/a> \u00a0&#8211; <a href=\"https:\/\/www.primariacalan.ro\/wp-content\/uploads\/2024\/04\/PHCL_35_2024.pdf\"><span lang=\"ES-PE\">Proiectul de hot\u0103r\u00e2re nr. 35\/2024 privind aprobarea Programului de ac\u021biune comunitar\u0103 pe anul 2024 pentru prevenirea \u0219i combaterea riscului de s\u0103r\u0103cie \u0219i excluziune social\u0103 \u00een ora\u0219ul C\u0103lan.<\/span><\/a><\/span><\/li>\n<li><span style=\"font-size: 13px;\"><span style=\"font-family: 'times new roman', times;\"><strong>01.03.2024<\/strong><\/span>\u00a0&#8211; <span style=\"font-family: 'times new roman', times;\"><a href=\"https:\/\/www.primariacalan.ro\/wp-content\/uploads\/2024\/03\/anunt-PHCL_26_2024.pdf\">ANUN\u021a<\/a> &#8211; <a href=\"https:\/\/www.primariacalan.ro\/wp-content\/uploads\/2024\/03\/PHCL_26_2024_Raport-inofmativ.pdf\">PHCL_26_2024_Raport-informativ<\/a>\u00a0 &#8211; <a href=\"https:\/\/www.primariacalan.ro\/wp-content\/uploads\/2024\/03\/Anexa-2-PUZ-PREDAT.zip\">ANEXE<\/a><\/span><\/span><\/li>\n<li><span style=\"font-family: 'times new roman', times; font-size: 13px;\"><strong>07.02.2024 &#8211; <\/strong><a href=\"https:\/\/www.primariacalan.ro\/wp-content\/uploads\/2024\/02\/Anunt-transparenta-program-anual.pdf\">ANUN\u021a<\/a> &#8211; <a href=\"https:\/\/www.primariacalan.ro\/wp-content\/uploads\/2024\/02\/P.-HCL-Program-anual-2024.pdf\"><span lang=\"ro-RO\">Proiect de hot\u0103r\u00e2re <\/span><span style=\"color: #191919;\"><span lang=\"ro-RO\">nr. 16\/2024 cu privire la aprobarea Programului pentru acordarea de finan\u0163\u0103ri nerambursabile din <\/span><\/span><span style=\"color: #191919;\"><span lang=\"ro-RO\">fonduri alocate de Ia bugetul local al ora\u015fului C\u0103lan pe anul 2024 pentru activit\u0103\u0163i nonprofit de <\/span><\/span><span style=\"color: #191919;\"><span lang=\"ro-RO\">interes local<\/span><\/span><\/a> &#8211; <a href=\"https:\/\/www.primariacalan.ro\/wp-content\/uploads\/2024\/02\/Referat-de-aprobare-Legea-350.pdf\">Referat de aprobare<\/a><\/span><\/li>\n<li><span style=\"font-family: 'times new roman', times; font-size: 13px;\"><strong>15.01.2024<\/strong>\u00a0&#8211; <a href=\"https:\/\/www.primariacalan.ro\/wp-content\/uploads\/2024\/01\/Anunt-PHCL_4_2024.pdf\">ANUN\u021a<\/a> &#8211; <a href=\"https:\/\/www.primariacalan.ro\/wp-content\/uploads\/2024\/01\/Proiect-HCL-4-2024.pdf\">Proiectul de hot\u0103r\u00e2re nr. 4\/2024 cu privire la\u00a0aprobarea bugetului local al ora\u0219ului C\u0103lan \u0219i a bugetului activit\u0103\u021bilor finan\u021bate integral din venituri proprii pentru anul 2024, cu estim\u0103rile pentru anii 2025 \u2013 2027, precum \u0219i aprobarea bugetului creditelor interne\u00a0<\/a>&#8211; <a href=\"https:\/\/www.primariacalan.ro\/wp-content\/uploads\/2024\/01\/Anexa-1.pdf\">Anexa-1 &#8211;\u00a0<\/a> <a href=\"https:\/\/www.primariacalan.ro\/wp-content\/uploads\/2024\/01\/Anexa-2.pdf\">Anexa-2<\/a> &#8211; <a href=\"https:\/\/www.primariacalan.ro\/wp-content\/uploads\/2024\/01\/Anexa-3.pdf\">Anexa 3<\/a> &#8211; <a href=\"https:\/\/www.primariacalan.ro\/wp-content\/uploads\/2024\/01\/Anexa-4.pdf\">Anexa 4<\/a> &#8211; <a href=\"https:\/\/www.primariacalan.ro\/wp-content\/uploads\/2024\/01\/Anexa-5.pdf\">Anexa 5<\/a> &#8211; <a href=\"https:\/\/www.primariacalan.ro\/wp-content\/uploads\/2024\/01\/Anexa-6.pdf\">Anexa 6<\/a><\/span><\/li>\n<li><span style=\"font-family: 'times new roman', times; font-size: 13px;\"><strong>27.10.2023<\/strong> &#8211; <a href=\"https:\/\/www.primariacalan.ro\/wp-content\/uploads\/2023\/11\/Anunt-PHCL_119_2023_SID.pdf\">ANUN\u021a<\/a> &#8211; <a href=\"https:\/\/www.primariacalan.ro\/wp-content\/uploads\/2023\/11\/PHCL_119_2023.pdf\">Proiectul de hot\u0103r\u00e2re\u00a0<span lang=\"ES-PE\">nr 119\/2023<\/span><span lang=\"EN-US\">\u00a0cu privire la\u00a0\u00a0<\/span><span lang=\"EN-US\">aprobarea modific\u0103rii \u0219i complet\u0103rii Strategiei Integrate de Dezvoltare Urban\u0103 a ora\u0219ului C\u0103lan, jude\u021bul Hunedoara, pentru perioada 2022-2032, aprobat\u0103 prin Hot\u0103r\u00e2rea Consiliului Local al ora\u0219ului C\u0103lan nr. 56\/2022.<\/span><\/a><\/span><\/li>\n<li><span style=\"font-family: 'times new roman', times; font-size: 13px;\"><strong>09.10.2023<\/strong> &#8211; <a href=\"https:\/\/www.primariacalan.ro\/wp-content\/uploads\/2023\/10\/Anunt-PHCL_109_impozite-si-taxe-2024.pdf\">ANUN\u021a<\/a> &#8211; <a href=\"https:\/\/www.primariacalan.ro\/wp-content\/uploads\/2023\/12\/PROIECT-HOTARARE-IMPOZITE-SI-TAXE.pdf\"><span lang=\"ES-PE\">Proiectul de hot\u0103r\u00e2re nr. 109\/2023<\/span><span lang=\"ES-PE\">\u00a0<\/span>cu privire la stabilirea impozitelor \u0219i taxelor locale pentru anul 2024<\/a><\/span><\/li>\n<li><span style=\"font-family: 'times new roman', times; font-size: 13px;\"><strong>19.09.2023 <\/strong>&#8211; <a href=\"https:\/\/www.primariacalan.ro\/wp-content\/uploads\/2023\/09\/anunt-PHCL_103_2023.pdf\">ANUN\u021a<\/a> &#8211; <a href=\"https:\/\/www.primariacalan.ro\/wp-content\/uploads\/2023\/09\/103_2023_PHCL_CONCESIONARE-TEREN.pdf\">Proiectul de hotarare\u00a0nr. 103\/2023\u00a0privind concesionarea prin licita\u021bie public\u0103 a terenurilor proprietate privat\u0103 a ora\u0219ului C\u0103lan, identificate prin: Lotul 1: \u00eenscris \u00een CF nr. 61060, num\u0103r cadastral 61060, Lotul 2: \u00eenscris \u00een CF nr. 61061, num\u0103r cadastral 61061, Lotul 3: \u00eenscris \u00een CF nr. 61066, num\u0103r cadastral 61066, Lotul 4: \u00eenscris \u00een CF nr. 61072, num\u0103r cadastral 61072, Lotul 5: \u00eenscris \u00een CF nr. 61075, num\u0103r cadastral 61075, Lotul 6: \u00eenscris \u00een CF nr. 61082, num\u0103r cadastral 61082, Lotul 7: \u00eenscris \u00een CF nr. 61086, num\u0103r cadastral 61086, Lotul 8: \u00eenscris \u00een CF nr. 66429, num\u0103r cadastral 66429, Lotul 9: \u00eenscris \u00een CF nr. 66430, num\u0103r cadastral 66430<\/a><\/span><\/li>\n<li><span style=\"font-family: 'times new roman', times; font-size: 13px;\"><strong>04.09.2023<\/strong> &#8211; <a href=\"https:\/\/www.primariacalan.ro\/wp-content\/uploads\/2023\/09\/Anunt-PHCL_95_2023.pdf\">ANUN\u021a<\/a> &#8211; <a href=\"https:\/\/www.primariacalan.ro\/wp-content\/uploads\/2023\/09\/HCL-95-pe-2023.pdf\"><b>Proiect de hot\u0103r\u00e2re nr. 95\/2023\u00a0<\/b>privind aprobarea Strategiei de contractare \u0219i a Documenta\u021biei de atribuire pentru organizarea procedurii de \u201dnegociere f\u0103r\u0103 publicare a unui anun\u021b de participare\u201d \u00een vederea atribuirii contractului de achizi\u021bie av\u00e2nd ca obiectiv: \u201dPrestarea serviciului de salubrizare \u00een zona de colectare 3 Centru, Jude\u021bul Hunedoara\u201d, precum \u0219i acordarea de mandate\u00a0 \u00a0<\/a><a href=\"https:\/\/www.primariacalan.ro\/wp-content\/uploads\/2023\/09\/Proiect-Contract-achizitie-de-servicii-intermediar-zona-3-Centru.docx\">PROIECT Contract <\/a><a href=\"https:\/\/www.primariacalan.ro\/wp-admin\/post.php?post=9519&amp;action=edit\">Caiet Sarcini\u00a0 <\/a><a href=\"https:\/\/www.primariacalan.ro\/wp-content\/uploads\/2023\/09\/INSTRUCTIUNI-PENTRU-OFERTANTI-ZONA-3-CENTRU_2023-.docx\">INstructiuni pentru ofertan\u021bi\u00a0<\/a> <a href=\"https:\/\/www.primariacalan.ro\/wp-content\/uploads\/2023\/09\/Anexa-2-Zone-greu-accesibile-si-izolate-zona-de-colectare-3-Centru.docx\">ANEXA 1 ANEXA 2<\/a> F<a href=\"https:\/\/www.primariacalan.ro\/wp-content\/uploads\/2023\/09\/Sectiunea-Formulare-.docx\">ORMULARE<\/a><\/span><\/li>\n<li><span style=\"font-family: 'times new roman', times; font-size: 13px;\"><strong>17.07.2023<\/strong> &#8211; <a href=\"https:\/\/www.primariacalan.ro\/wp-content\/uploads\/2023\/07\/Anunt-PHCL_87_2023.pdf\">ANUN\u021a<\/a> &#8211; <a href=\"https:\/\/www.primariacalan.ro\/wp-content\/uploads\/2023\/07\/PHCL_87_2023.pdf\">Proiectul de hot\u0103r\u00e2re nr. 87\/2023 cu privire la aprobarea Planului de ac\u021biune local\u0103 pentru incluziunea cet\u0103\u021benilor rom\u00e2ni apar\u021bin\u00e2nd minorit\u0103\u021bii rome pe perioada 2023-2027;\u00a0\u00a0<\/a><\/span><\/li>\n<li><span style=\"font-family: 'times new roman', times; font-size: 13px;\"><strong>17.07.2023<\/strong> &#8211; <a href=\"https:\/\/www.primariacalan.ro\/wp-content\/uploads\/2023\/07\/Anunt-PHCL_86_2023.pdf\">ANUN\u021a<\/a> &#8211; <a href=\"https:\/\/www.primariacalan.ro\/wp-content\/uploads\/2023\/07\/PHCL_86_2023.pdf\">Proiectul de hot\u0103r\u00e2re nr. 86\/2023 cu privire la modificarea anexelor nr. 4 \u0219i nr. 8 la HCL C\u0103lan nr.106\/2022 privind instituirea taxei speciale de salubrizare \u0219i aprobarea regulamentului de instituire \u0219i administrare a texei speciale de salubrizare \u00een ora\u0219ul C\u0103lan;<\/a><\/span><\/li>\n<li><span style=\"font-family: 'times new roman', times; font-size: 13px;\"><strong>10.05.2023 &#8211;<\/strong> <a href=\"https:\/\/www.primariacalan.ro\/wp-content\/uploads\/2023\/05\/Anunt-PHCL_49_2023.pdf\">ANUN\u021a<\/a><strong>\u00a0 &#8211; <\/strong><a href=\"https:\/\/www.primariacalan.ro\/wp-content\/uploads\/2023\/05\/Proiect-de-hotarare-nr492023-privind-aprobarea-Regulamentului-de-organizare-si-functionare-a-parcarilor-publice-de-resedinta-din-orasul-Calan.pdf\">Proiect-de-hotarare-nr492023-privind-aprobarea-Regulamentului-de-organizare-si-functionare-a-parcarilor-publice-de-resedinta-din-orasul-Calan<\/a><\/span><\/li>\n<li><span style=\"font-family: 'times new roman', times; font-size: 13px;\"><strong>04.04.2023<\/strong> &#8211;\u00a0 <a href=\"https:\/\/www.primariacalan.ro\/wp-content\/uploads\/2023\/04\/Anunt.pdf\">ANUN\u021a<\/a> &#8211;<a href=\"https:\/\/www.primariacalan.ro\/wp-content\/uploads\/2023\/05\/PHCL-40.2023.pdf\"> Proiectul de hot\u0103r\u00e2re nr. 40\/2023<\/a>\u00a0cu privire la aprobarea modific\u0103rii \u0219i complet\u0103rii regulamentului de organizare \u0219i func\u021bionare a Parcului Industrial C\u0103lan precum \u015fi a caietului de sarcini privind procedura de selec\u021bie a reziden\u0163ilor in perimetrul Parcului Industrial C\u0103lan\u00a0aprobat prin Hot\u0103r\u00e2rea Consiliului Local al ora\u0219ului C\u0103lan nr. 4\/2023.<\/span><\/li>\n<li><span style=\"font-family: 'times new roman', times; font-size: 13px;\"><strong>06.02.2023<\/strong> &#8211; <a href=\"https:\/\/www.primariacalan.ro\/wp-content\/uploads\/2023\/02\/ANUNT-PHCL-17_2023.pdf\">ANUN\u021a<\/a> &#8211; <a href=\"https:\/\/www.primariacalan.ro\/wp-content\/uploads\/2023\/02\/Proiect-de-Hotarare-nr.-17-din-2023.pdf\">Proiect de hot\u0103r\u00e2re nr. 17\/2023 <\/a><span lang=\"IT\">privind aprobarea Studiului de oportunitate pentru delegarea activit\u0103\u021bilor serviciului de salubrizare \u00een cadrul SMID Jude\u021bul Hunedoara \u0219i a anexelor, a Strategiei de contractare, a Planului tarifar actualizat \u2013 analiza pragului de suportabilitate al tarifelor actualizate, a Regulamentului Serviciului de salubrizare privind de\u0219eurile menajere \u0219i similar din Jude\u021bului Hunedoara \u0219i a Documenta\u021biei pentru atribuirea contractului de achizi\u021bie public\u0103 av\u00e2nd ca obiect \u201eDelegarea gestiunii serviciului de salubrizare \u00een zona de colectare 1 Brad + 2 Ha\u021beg + 3 Centru, jude\u021bul Hunedoara\u201d, mandatarea ADI SIGD Hunedoara s\u0103 organizeze procedura de achizi\u021bie p\u00e2n\u0103 la finalizarea acesteia, precum \u0219i mandatarea Pre\u0219edintelui ADI SIGD Hunedoara s\u0103 semneze contractul de delegare; &#8211; <a href=\"https:\/\/www.primariacalan.ro\/wp-content\/uploads\/2023\/02\/Anexa-1-la-Proiectul-de-hotarare-nr.-17_2023.pdf\">ANEXA 1<\/a> &#8211; <a href=\"https:\/\/www.primariacalan.ro\/wp-content\/uploads\/2023\/02\/Anexa-2-la-proiectul-de-hotarare-nr.-17_2023.pdf\">ANEXA 2<\/a><\/span><\/span><\/li>\n<li><span style=\"font-family: 'times new roman', times; font-size: 13px;\"><strong>03.02.2023<\/strong> &#8211;<a href=\"https:\/\/www.primariacalan.ro\/wp-content\/uploads\/2023\/02\/ANUNT-PHCL-16_2023.pdf\"> ANUN\u021a<\/a> &#8211; <a href=\"https:\/\/www.primariacalan.ro\/wp-content\/uploads\/2023\/02\/P.-HCL-nr.-16-program-anual-legea-350.pdf\">Proiect de hot\u0103r\u00e2re nr. 16\/2023\u00a0cu privire la aprobarea\u00a0Programului pentru acordarea de finan\u021b\u0103ri nerambursabile\u00a0din fonduri alocate de la bugetul local al ora\u0219ului C\u0103lan pe anul 2023 pentru activit\u0103\u021bi nonprofit de interes local<\/a><\/span><\/li>\n<li><span style=\"font-family: 'times new roman', times; font-size: 13px;\"><strong>03.02.2023<\/strong> &#8211; <a href=\"https:\/\/www.primariacalan.ro\/wp-content\/uploads\/2023\/02\/ANUNT-PHCL-14_2023.pdf\">ANUN\u021a<\/a> &#8211; <a href=\"https:\/\/www.primariacalan.ro\/wp-content\/uploads\/2023\/02\/P.14_2023-Plan-anual-servicii-sociale.pdf\">Proiect de hot\u0103r\u00e2re nr. 14\/2023 privind aprobarea Planului anual de ac\u021biune privind serviciile sociale administrate \u0219i finan\u021bate din bugetul ora\u0219ului C\u0103lan, pentru anul 2023<\/a><\/span><\/li>\n<li><span style=\"font-family: 'times new roman', times; font-size: 13px;\"><strong>03.01.2023<\/strong>\u00a0&#8211; <a href=\"https:\/\/www.primariacalan.ro\/wp-content\/uploads\/2023\/01\/Anunt-si-PV-afisare.pdf\">ANUN\u021a<\/a> &#8211; <a href=\"https:\/\/www.primariacalan.ro\/wp-content\/uploads\/2023\/01\/Proiect-HCL-nr.3-2023-Buget-local-si-buget-autofinantate.pdf\">Proiect HCL nr.3 &#8211; buget pentru anul 2023, \u00eenso\u021bit de anexe \u0219i Note de fundamentare &#8211;\u00a0<\/a><a href=\"https:\/\/www.primariacalan.ro\/wp-content\/uploads\/2023\/01\/Note-de-fundamentare-buget-2023.pdf\">Note de fundamentare buget 2023<\/a><\/span><\/li>\n<li><span style=\"font-family: 'times new roman', times; font-size: 13px;\"><strong>07.12.2022<\/strong> &#8211; <a href=\"https:\/\/www.primariacalan.ro\/wp-content\/uploads\/2022\/12\/Anunt.pdf\">ANUN\u021a<\/a> &#8211; <a href=\"https:\/\/www.primariacalan.ro\/wp-content\/uploads\/2022\/12\/1-Hotarare.pdf\">Proiectul de hot\u0103r\u00e2re nr. 124\/2022 cu privire la aprobarea regulamentului de organizare \u015fi functionare a Parcului industrial C\u0103lan precum \u015fi a caietului de sarcini privind procedura de selectie a rezidentilor in perimetrul Parcului Industrial C\u0103lan<\/a> &#8211; <a href=\"https:\/\/www.primariacalan.ro\/wp-content\/uploads\/2022\/12\/Anexa-1-Regulament.pdf\">Anexa-1-Regulament<\/a> &#8211;<a href=\"https:\/\/www.primariacalan.ro\/wp-content\/uploads\/2022\/12\/Anexa-2-Caiet-de-sarcini.pdf\"> Anexa 2 &#8211; Caiet de sarcini<\/a> &#8211; <a href=\"https:\/\/www.primariacalan.ro\/wp-content\/uploads\/2022\/12\/Anexa-3-contracte-cadru.pdf\">Anexa 3 &#8211; Contracte cadru<\/a> &#8211; <a href=\"https:\/\/www.primariacalan.ro\/wp-content\/uploads\/2022\/12\/Formulare.pdf\">Formulare<\/a><\/span><\/li>\n<li><span style=\"font-family: 'times new roman', times; font-size: 13px;\"><strong>21.11.2022<\/strong> &#8211; <a href=\"https:\/\/www.primariacalan.ro\/wp-content\/uploads\/2022\/11\/Anunt-PHCL-nr.-112_2022.pdf\">ANUN\u021a<\/a> &#8211; <a href=\"https:\/\/www.primariacalan.ro\/wp-content\/uploads\/2022\/11\/Proiectul-de-hotarare-nr.-112_2022.pdf\"><span lang=\"ES-PE\">Proiectul de hot\u0103r\u00e2re nr. 112\/2022<\/span>,\u00a0<span lang=\"ES-PE\">privind aprobarea R<\/span>egulamentului de organizare \u0219i functionare a parc\u0103rilor publice de re\u0219edin\u021b\u0103 din ora\u0219ul C\u0103lan<\/a><\/span><\/li>\n<li><span style=\"font-family: 'times new roman', times; font-size: 13px;\"><strong>21.11.2022<\/strong> &#8211; <a href=\"https:\/\/www.primariacalan.ro\/wp-content\/uploads\/2022\/11\/Anunt-PHCL-nr.-111_2022.pdf\">ANUN\u021a<\/a> &#8211; <a href=\"https:\/\/www.primariacalan.ro\/wp-content\/uploads\/2022\/11\/Proiectul-de-hotarare-nr.-111_2022.pdf\"><span lang=\"ES-PE\">Proiectul de hot\u0103r\u00e2re nr. 111\/2022<\/span>, cu privire la abrogarea art.5 alin.(3) din Regulamentul privind mecanismul de recuperare prin tax\u0103 de reabilitare termic\u0103 a sumelor avansate de UAT Ora\u0219ul C\u0103lan pentru asigurarea contribu\u021biei proprii a asocia\u021biilor de proprietari\/proprietarilor la blocurile de locuin\u021be incluse \u00een Programul Opera\u021bional Regional 2014-2020, Anex\u0103 la Hot\u0103r\u00e2rea Consiliului Local al ora\u0219ului C\u0103lan nr. 57\/29.06.2022.<\/a><\/span><\/li>\n<li><span style=\"font-family: 'times new roman', times; font-size: 13px;\"><strong>11.11.2022<\/strong> &#8211; <a href=\"https:\/\/www.primariacalan.ro\/wp-content\/uploads\/2022\/12\/ANUNT-PHCL_83_2022.pdf\">ANUN\u021a<\/a> &#8211; <a href=\"https:\/\/www.primariacalan.ro\/wp-content\/uploads\/2022\/12\/PHCL_83_2022.pdf\"><span lang=\"ES-PE\">Proiectul de hot\u0103r\u00e2re<\/span><span lang=\"ES-PE\">\u00a0<\/span><span lang=\"ES-PE\">nr. 83\/2022<\/span><span lang=\"ES-PE\">\u00a0<\/span>cu privire la stabilirea\u00a0 impozitelor \u015fi taxelor locale pentru anul 2023<\/a><\/span><\/li>\n<li><span style=\"font-family: 'times new roman', times; font-size: 13px;\"><strong>28.10.2022<\/strong> &#8211; <a href=\"https:\/\/www.primariacalan.ro\/wp-content\/uploads\/2022\/10\/anunt.pdf\">ANUN\u021a<\/a> &#8211; <a href=\"https:\/\/www.primariacalan.ro\/wp-content\/uploads\/2022\/10\/P.108.-taxa-de-salubrizare-2022-3.pdf\">Proiectul de hot\u0103r\u00e2re nr. 104\/24.10.2022 cu privire la instituirea taxei speciale de salubrizare \u0219i aprobare a regulamentului de instituire \u0219i administrare a taxei speciale de salubrizare \u00een ora\u0219ul C\u0103lan<\/a><\/span><\/li>\n<li><span style=\"font-family: 'times new roman', times; font-size: 13px;\"><strong>31.08.2022<\/strong> &#8211; <a href=\"https:\/\/www.primariacalan.ro\/wp-content\/uploads\/2022\/09\/ANUNT-PHCL_84.pdf\">ANUNT<\/a> &#8211; <a href=\"https:\/\/www.primariacalan.ro\/wp-content\/uploads\/2022\/09\/PHCL_84_2022.pdf\"><span lang=\"ES-PE\">Proiectul de hot\u0103r\u00e2re nr 84\/2022\u00a0<\/span>cu privire la \u00eensu\u0219irea Raportului inform\u0103rii \u0219i consult\u0103rii publicului nr. 5113\/11.08.2022 \u0219i aprobarea P.U.Z. \u0219i R.L.U. aferent pentru \u201eANSAMBLU REZIDEN\u021aIAL CU LOCUIN\u021aE INDIVIDUALE\u201d.<\/a><\/span><\/li>\n<li><span style=\"font-family: 'times new roman', times; font-size: 13px;\"><strong>20.07.2022.<\/strong> &#8211; <a href=\"https:\/\/www.primariacalan.ro\/wp-content\/uploads\/2022\/07\/ANUNT-PHCL_76.pdf\">ANUN\u021a<\/a> &#8211; <a role=\"link\" href=\"https:\/\/www.primariacalan.ro\/wp-content\/uploads\/2022\/07\/PROIECT-DE-HOTARARE-NR.-76.pdf\">PROIECTUL DE HOTARARE NR. 76\/2022 cu privire la aprobarea Raportului inform\u0103rii \u0219i consult\u0103rii publicului \u0219i aprobarea P.U.Z. \u0219i R.L.U. aferent pentru \u201eCONSTRUIRE LOCUIN\u021a\u0102 FAMILIAL\u0102, FILIGORIE, GARAJ, \u00ceMPREJMUIRE TEREN \u0218I RACORDURI LA UTILIT\u0102\u021aI\u201d.<\/a><\/span><\/li>\n<li><span style=\"font-family: 'times new roman', times; font-size: 13px;\"><strong>15.07.2022<\/strong> &#8211; <a href=\"https:\/\/www.primariacalan.ro\/wp-content\/uploads\/2022\/07\/ANUNT.pdf\">ANUN\u021a<\/a> &#8211; <a href=\"https:\/\/www.primariacalan.ro\/wp-content\/uploads\/2022\/07\/PHCL_75_2022.pdf\">Proiectul de hot\u0103r\u00e2re nr. 75\/2022 cu privire la abrogarea art.(5) alin.(3) din Regulamentul privind mecanismul de recuperare prin taxa de reabilitare termic\u0103 a sumelor avansate de UAT Ora\u0219ul C\u0103lan pentru asigurarea contribu\u021biei proprii a asocia\u021biilor de proprietari\/ proprietarilor la blocurile de locuin\u021be incluse \u00een Programul Opera\u021bional Regional 2014-2020, Anex\u0103 la Hot\u0103r\u00e2rea Consiliului Local al ora\u0219ului C\u0103lan nr. 57\/29.06.2022.<\/a><\/span><\/li>\n<li><span style=\"font-family: 'times new roman', times; font-size: 13px;\"><strong>27.05.2022<\/strong> &#8211; <a href=\"https:\/\/www.primariacalan.ro\/wp-content\/uploads\/2022\/05\/ANUNT-PHCL_53_2022.pdf\">ANUN\u021a<\/a> &#8211; <a href=\"https:\/\/www.primariacalan.ro\/wp-content\/uploads\/2022\/05\/PHCL_53_2022_REGULAMENT-TAXA-REABIL-TERMICA.pdf\">Proiectul de hot\u0103r\u00e2re nr. 53\/2022 pentru aprobarea regulamentului privind mecanismul de recuperare prin taxa de reabilitare termic\u0103 a sumelor avansate de UAT Ora\u0219 C\u0103lan pentru asigurarea contribu\u021biei proprii a asocia\u021biilor de proprietari\/proprietarilor la blocurile de locuin\u021be incluse \u00een Programul Opera\u021bional Regional 2014 &#8211; 2020\u00a0<\/a><\/span><\/li>\n<li><span style=\"font-family: 'times new roman', times; font-size: 13px;\"><strong>06.05.2022.<\/strong> &#8211; <a href=\"https:\/\/www.primariacalan.ro\/wp-content\/uploads\/2022\/05\/Anunt-afisare.pdf\">ANUN\u021a<\/a> &#8211; <a href=\"https:\/\/www.primariacalan.ro\/wp-content\/uploads\/2022\/05\/Hotararea-45-din-2022-SDL.pdf\">Proiectul de hot\u0103r\u00e2re nr. 45\/2022\u00a0<span lang=\"EN-AU\">privind\u00a0<\/span><\/a><span lang=\"EN-AU\">aprobarea Strategiei Integrate de Dezvoltare Urban\u0103 a ora\u0219ului C\u0103lan, jude\u021bul Hunedoara, perioada 2022-2032 &#8211; <a href=\"https:\/\/www.primariacalan.ro\/wp-content\/uploads\/2022\/06\/SDL_Calan_2022-2032.pdf\">Strategia Integrat\u0103 de Dezvoltare Urban\u0103 a ora\u0219ului C\u0103lan, jude\u021bul Hunedoara, perioada 2022-2032<\/a><\/span><\/span><\/li>\n<li><span style=\"font-family: 'times new roman', times; font-size: 13px;\"><strong>16.02.2022<\/strong> &#8211; <a href=\"https:\/\/www.primariacalan.ro\/wp-content\/uploads\/2022\/02\/ANUNT-PHCL_17_2022.pdf\">ANUN\u021a<\/a> &#8211;\u00a0 <a href=\"https:\/\/www.primariacalan.ro\/wp-content\/uploads\/2022\/02\/Proiect-de-hotarare-17-finantari-nerambursabile-si-anexe.pdf\">Proiectul de Hot\u0103r\u00e2re\u00a0nr. 17\/2022 <\/a><a href=\"https:\/\/www.primariacalan.ro\/wp-content\/uploads\/2022\/02\/Proiect-de-hotarare-17-finantari-nerambursabile-si-anexe.pdf\">pentru aprobarea Regulamentului \u0219i Ghidului solicitantului privind regimul finan\u021b\u0103rilor nerambursabile alocate de la bugetul local al ora\u0219ului C\u0103lan pentru activit\u0103\u021bi nonprofit de interes<\/a><a href=\"https:\/\/www.primariacalan.ro\/wp-content\/uploads\/2022\/02\/Proiect-de-hotarare-17-finantari-nerambursabile-si-anexe.pdf\"> local.<\/a><\/span><\/li>\n<li><span style=\"font-family: 'times new roman', times; font-size: 13px;\"><strong>08.02.2022<\/strong> &#8211;\u00a0<a href=\"https:\/\/www.primariacalan.ro\/wp-content\/uploads\/2022\/02\/PHCL-18.2022-si-anexe.pdf\">Proiectul de Hot\u0103r\u00e2re nr. 18\/2022 cu privire la aprobarea Regulamentului privind stabilirea unor forme de sprijin financiar de la bugetul local al ora\u0219ului C\u0103lan, pentru unit\u0103\u021bile de cult apar\u021bin\u00e2nd cultelor religioase recunoscute din Rom\u00e2nia situate pe raza teritorial administrativ\u0103 a ora\u0219ului C\u0103lan.<\/a><\/span><\/li>\n<li><span style=\"font-family: 'times new roman', times; font-size: 13px;\"><strong>04.02.2022<\/strong> &#8211; <a href=\"https:\/\/www.primariacalan.ro\/?p=1948\">Proiectul de Hot\u0103r\u00e2re nr. 16\/2022 cu privire la majorarea tarifelor maximale pentru serviciile de transport public local de persoane \u00een regim de taxi, \u00een ora\u0219ul C\u0103lan.<\/a><\/span><\/li>\n<li><span style=\"font-family: 'times new roman', times; font-size: 13px;\"><strong>04.02.2022<\/strong> &#8211;\u00a0<a title=\"Permalink to Proiectul de Hot\u0103r\u00e2re nr. 15\/2022 privind aprobarea Planului anual de ac\u021biune privind serviciile sociale administrate \u0219i finan\u021bate din bugetul ora\u0219ului C\u0103lan pentru anul 2022\u00a0\" role=\"link\" href=\"https:\/\/www.primariacalan.ro\/?p=1933\">Proiectul<\/a><a title=\"Permalink to Proiectul de Hot\u0103r\u00e2re nr. 15\/2022 privind aprobarea Planului anual de ac\u021biune privind serviciile sociale administrate \u0219i finan\u021bate din bugetul ora\u0219ului C\u0103lan pentru anul 2022\u00a0\" role=\"link\" href=\"https:\/\/www.primariacalan.ro\/?p=1933\"> de Hot\u0103r\u00e2re nr. 15\/2022 privind aprobarea Planului anual de ac\u021biune privind serviciile sociale administrate \u0219i finan\u021bate din bugetul ora\u0219ului C\u0103lan pentru anul 2022\u00a0<\/a><\/span><\/li>\n<\/ul>\n<p>.<\/p>\n","protected":false},"excerpt":{"rendered":"<p>Persoana responsabil\u0103\u00a0pentru rela\u021bia cu societatea civil\u0103 \u00een cadrul unit\u0103\u021bii administrativ teritoriale Ora\u0219 C\u0103lan &#8211; Gruescu Larisa-Lucia; RAPOARTE &#8211; TRANSPAREN\u021a\u0102 DECIZIONALA : 2022 &#8211; 2023 &#8211; 2024 &#8211; 2025 16.04.2026 &#8211;&hellip;<\/p>\n","protected":false},"author":1,"featured_media":0,"parent":0,"menu_order":0,"comment_status":"closed","ping_status":"closed","template":"","meta":{"_acf_changed":false,"footnotes":""},"folder":[],"acf":[],"_links":{"self":[{"href":"https:\/\/www.primariacalan.ro\/index.php?rest_route=\/wp\/v2\/pages\/209"}],"collection":[{"href":"https:\/\/www.primariacalan.ro\/index.php?rest_route=\/wp\/v2\/pages"}],"about":[{"href":"https:\/\/www.primariacalan.ro\/index.php?rest_route=\/wp\/v2\/types\/page"}],"author":[{"embeddable":true,"href":"https:\/\/www.primariacalan.ro\/index.php?rest_route=\/wp\/v2\/users\/1"}],"replies":[{"embeddable":true,"href":"https:\/\/www.primariacalan.ro\/index.php?rest_route=%2Fwp%2Fv2%2Fcomments&post=209"}],"version-history":[{"count":95,"href":"https:\/\/www.primariacalan.ro\/index.php?rest_route=\/wp\/v2\/pages\/209\/revisions"}],"predecessor-version":[{"id":15527,"href":"https:\/\/www.primariacalan.ro\/index.php?rest_route=\/wp\/v2\/pages\/209\/revisions\/15527"}],"wp:attachment":[{"href":"https:\/\/www.primariacalan.ro\/index.php?rest_route=%2Fwp%2Fv2%2Fmedia&parent=209"}],"wp:term":[{"taxonomy":"folder","embeddable":true,"href":"https:\/\/www.primariacalan.ro\/index.php?rest_route=%2Fwp%2Fv2%2Ffolder&post=209"}],"curies":[{"name":"wp","href":"https:\/\/api.w.org\/{rel}","templated":true}]}}