{"id":1617,"date":"2022-02-02T10:22:26","date_gmt":"2022-02-02T08:22:26","guid":{"rendered":"https:\/\/www.primariacalan.ro\/?page_id=1617"},"modified":"2022-02-02T14:04:36","modified_gmt":"2022-02-02T12:04:36","slug":"educatie","status":"publish","type":"page","link":"https:\/\/www.primariacalan.ro\/?page_id=1617","title":{"rendered":"EDUCA\u021aIE"},"content":{"rendered":"\t\t<div data-elementor-type=\"wp-page\" data-elementor-id=\"1617\" class=\"elementor elementor-1617\">\n\t\t\t\t\t\t<section class=\"elementor-section elementor-top-section elementor-element elementor-element-2c623d9 elementor-section-boxed elementor-section-height-default elementor-section-height-default\" data-id=\"2c623d9\" data-element_type=\"section\">\n\t\t\t\t\t\t<div class=\"elementor-container elementor-column-gap-default\">\n\t\t\t\t\t<div class=\"elementor-column elementor-col-100 elementor-top-column elementor-element elementor-element-a85956f\" data-id=\"a85956f\" data-element_type=\"column\">\n\t\t\t<div class=\"elementor-widget-wrap elementor-element-populated\">\n\t\t\t\t\t\t<div class=\"elementor-element elementor-element-a22ff35 elementor-widget elementor-widget-text-editor\" data-id=\"a22ff35\" data-element_type=\"widget\" data-widget_type=\"text-editor.default\">\n\t\t\t\t<div class=\"elementor-widget-container\">\n\t\t\t<style>\/*! elementor - v3.21.0 - 26-05-2024 *\/\n.elementor-widget-text-editor.elementor-drop-cap-view-stacked .elementor-drop-cap{background-color:#69727d;color:#fff}.elementor-widget-text-editor.elementor-drop-cap-view-framed .elementor-drop-cap{color:#69727d;border:3px solid;background-color:transparent}.elementor-widget-text-editor:not(.elementor-drop-cap-view-default) .elementor-drop-cap{margin-top:8px}.elementor-widget-text-editor:not(.elementor-drop-cap-view-default) .elementor-drop-cap-letter{width:1em;height:1em}.elementor-widget-text-editor .elementor-drop-cap{float:left;text-align:center;line-height:1;font-size:50px}.elementor-widget-text-editor .elementor-drop-cap-letter{display:inline-block}<\/style>\t\t\t\t<p align=\"justify\"><span lang=\"ro-RO\">\u020anvatamantul<\/span><span lang=\"ro-RO\"> este atestat \u020bn zona C\u0103lanului, cu unit\u0103\u021bi \u0219colare de sine st\u0103t\u0103toare, de la sf\u00e2r\u0219itul secolului al XIX \u2013 lea. \u00cen Ora\u0219ul Vechi C\u0103lan \u0219coala a fost organizat\u0103 la sf\u00e2r\u0219itul secolului al XIX \u2013lea, 1885, \u00een care se preda \u00een limb\u0103 maghiar\u0103. Pentru rom\u00e2ni, limba rom\u00e2n\u0103 era folosit\u0103 numai la orele de religie. La \u00eenceputul secolului al XX \u2013 lea este atestat\u0103 \u0219coala primar\u0103, care era condus\u0103 de \u00eenv\u0103\u021b\u0103torul Druhora Ioan. La sf\u00e2r\u0219itul secolului al XIX \u2013 lea \u0219i \u00eenceputul secolului al XX \u2013 lea a fost \u00eenfiin\u021bat\u0103 o \u0219coal\u0103 de ucenici, pe l\u00e2ng\u0103 Uzinele din C\u0103lan. La aceast\u0103 \u0219coal\u0103 erau afiliate \u0219i alte meserii: frizeri, brutari, cizmari, etc. <\/span><br \/><span lang=\"ro-RO\">Dup\u0103 primul R\u0103zboi Mondial, se \u00eenfiin\u021beaz\u0103 \u0219coli primare de patru clase \u00een toate satele apar\u021bin\u0103toare comunei Cri\u0219eni (OV C\u0103lan), \u00een satele de pe malul st\u00e2ng al Streiului cu limba de predare rom\u00e2n\u0103 (Batiz, S\u00eent\u0103m\u0103ria de Piatr\u0103, C\u0103lanul Mic, Sincari, <\/span>N\u0103d\u0103\u0219tia <span lang=\"ro-RO\">de Jos, <\/span>N\u0103d\u0103\u0219tia <span lang=\"ro-RO\">de Sus, Strei). La centru \u00een C\u0103lan (OV C\u0103lan) se \u00eenfiin\u021beaz\u0103 o \u0219coal\u0103 de \u0219apte clase (patru clase obligatorii) cu predare \u00een limba rom\u00e2n\u0103. \u00cen comuna Streis\u00e2ngeorgiu, de care apar\u021bineau satele de pe malul drept: Strei S\u0103cel, Valea S\u00e2ngeorgiului, Ohaba Streiului \u0219i Batalarul. \u00cen aceste sate au func\u021bionat \u0219coli sus\u021binute de biseric\u0103. <\/span><br \/><span lang=\"ro-RO\">Dup\u0103 1919, \u00een satul Streis\u00e2ngeorgiu a func\u021bionat o \u0219coal\u0103 primar\u0103 de patru clase \u00een care \u00eenv\u0103\u021b\u0103tor a fost Paraian Romulus, p\u00e2n\u0103 \u00een 1958. La aceast\u0103 \u0219coal\u0103 s-au ad\u0103ugat \u00eenc\u0103 trei clase care nu erau obligatorii. Copiii din satele S\u0103cel, Ohaba \u0219i Streis\u00e2ngeorgiu \u00eenv\u0103\u021bau la aceast\u0103 \u0219coal\u0103. \u00cen 1924 se \u00eenfiin\u021beaz\u0103 \u201e\u015ecoala de ucenici particulari\u201d care func\u021bioneaz\u0103 pe l\u00e2ng\u0103 Uzina C\u0103lan (apar\u021bin\u0103toare firmei Titan-N\u0103drag-C\u0103lan). <\/span><br \/><span lang=\"ro-RO\">\u00cen 1932 se \u00eenfiin\u021beaz\u0103 \u201e\u015ecoala profesional\u0103 siderurgic\u0103 nr.12 Calan\u201d. Dup\u0103 1948 se \u00eenfiin\u021beaz\u0103 \u0218coala Profesional\u0103 a Uzinei \u201dVictoria\u201d C\u0103lan, care \u00een 1966 se mut\u0103 \u00een loca\u021bia din Ora\u0219ul Nou C\u0103lan (actuala loca\u021bie a Liceului Tehnologic \u201dOvid Densu\u0219ianu\u201d C\u0103lan, cl\u0103direa cu 8 s\u0103li de clas\u0103, atelier-\u0219coal\u0103, internat cu 120 locuri \u0219i cantin\u0103). \u00cen Calanul Vechi a fost \u00eenfiin\u021bat\u0103 dup\u0103 1948 o sec\u021bie de liceu seral. <\/span><br \/><span lang=\"ro-RO\">Pe l\u00e2ng\u0103 acesta s-a \u00eenfiin\u021bat \u0219i o \u0219coal\u0103 medie, viitorul liceu teoretic. Dup\u0103 reforma din 1958 s-au \u00eenfiin\u021bat \u0219coli de 4 clase \u00een toate satele, iar \u00een centrele de comuna C\u0103lan \u0219i Streis\u00e2ngeorgiu s-a \u00eenfiin\u021bat o \u0219coal\u0103 de 7 clase obligatorii, care mai apoi devine \u0218coala General\u0103 nr. 1 C\u0103lan (\u00een ora\u0219ul vechi, \u00een actuala cl\u0103dire a \u0218colii Primare O.V.C\u0103lan). <\/span><br \/><span lang=\"ro-RO\">Din 1961 comuna Streis\u00e2ngeorgiu cu satele apar\u021bin\u0103toare \u00een afar\u0103 de Batalar au fost incluse administrativ \u00een comuna Cri\u0219eni, ulterior ora\u0219ul C\u0103lan. Din 1959 se construie\u0219te ora\u0219ul nou C\u0103lan. Satele cu \u0219coli de 4 clase \u00ee\u0219i trimiteau to\u021bi elevii la \u0219coala de 7 clase de la O.V. C\u0103lan. <\/span><br \/><span lang=\"ro-RO\">Din 1961 liceul este mutat din C\u0103lanul Vechi \u00een Ora\u0219ul Nou C\u0103lan care a func\u021bionat \u00een actuala cl\u0103dire nr.1 cu opt s\u0103li de clase (cl\u0103direa mic\u0103 de l\u00e2ng\u0103 SC Coramed), p\u00e2n\u0103 \u00een anul 1962. Corpul de cl\u0103dire de l\u00e2ng\u0103 Casa de Cultur\u0103 este dat \u00een folosin\u021b\u0103 \u00een 1962 \u00een care a func\u021bionat \u00eencep\u00e2nd cu acel an Liceul Teoretic C\u0103lan, care avea \u0219i clase de primar \u0219i gimnaziu. <\/span><br \/>\u00cen anul 1973 se \u00eenfiin\u021beaz\u0103 Liceul Industrial Metalurgic C\u0103lan (vechea \u0219coal\u0103 profesional\u0103) care va func\u021biona \u00een subordinea Ministerului Industriei Metalurgice, iar din 1974 acesta va primi denumirea de Grup \u0218colar Industrial C\u0103lan. Liceul teoretic (\u00een loca\u021bia actual\u0103 a \u0218colii Gimnaziale C\u0103lan) func\u021bioneaz\u0103 p\u00e2n\u0103 \u00een anul 1974, c\u00e2nd se transform\u0103 \u00een \u0218coala General\u0103 nr. 2 de 10 clase C\u0103lan. Ultima promo\u021bie de liceeni din \u00eenv\u0103\u021b\u0103m\u00e2ntul de zi teoretic, termin\u0103 \u00een 1975, iar din \u00eenv\u0103\u021b\u0103m\u00e2ntul teoretic seral \u00een 1976. Ultima promo\u021bie de 10 clase termin\u0103 \u00een anul 1978, an din care Liceul Teoretic devine \u0219coal\u0103 general\u0103. <br \/><span lang=\"ro-RO\">\u00cen 1975 se d\u0103 \u00een folosin\u021b\u0103 \u0219i loca\u021bia actual\u0103 a Gr\u0103dini\u021bei \u201dVoinicelul\u201d C\u0103lan, care func\u021bioneaz\u0103 la \u00eenceput ca \u0219i cre\u0219\u0103 pe l\u00e2ng\u0103 Uzina \u201dVictoria C\u0103lan, iar mai apoi se va transforma \u0219i \u00een gr\u0103dini\u021b\u0103 cu program normal. \u00cen 1977 se d\u0103 \u00een folosin\u021b\u0103 cel de-al treilea corp de cl\u0103dire pentru \u00eenv\u0103\u021b\u0103m\u00e2ntul gimnazial, de pe str. Florilor (cl\u0103direa de l\u00e2ng\u0103 Poli\u021bia C\u0103lan) \u00een care este mutat\u0103 unitatea \u0219colar\u0103 din ora\u0219ul vechi C\u0103lan &#8211; \u0218coala General\u0103 nr. 1 C\u0103lan. \u00cen 1978 cele dou\u0103 unit\u0103\u021bi gimnaziale se unesc sub o singur\u0103 conducere \u0219i func\u021bioneaz\u0103 cu denumirea \u0218coala General\u0103 cu clasele I \u2013 VIII C\u0103lan. <\/span><br \/><span lang=\"ro-RO\">Denumirea liceului industrial se va schimba \u00een 1999 \u00een Grupul \u0218colar \u201eOvid Densu\u0219ianu\u201d C\u0103lan, c\u0103ruia \u00eei este integrat\u0103 \u00een anul 2006, \u0218coala Special\u0103 de la Bretea Strei, care devine astfel structur\u0103 a liceului. \u00cen anul 2010 toate unit\u0103\u021bile din zona ora\u0219ului C\u0103lan devin structuri ale aceleia\u0219i unit\u0103\u021bi \u0219colare (cu toate nivelele de preg\u0103tire: pre\u0219colar, primar, gimnazial, liceal precum \u0219i \u00eenv\u0103\u021b\u0103m\u00e2nt special integrat \u00een \u00eenv\u0103\u021b\u0103m\u00e2ntul de mas\u0103) sub denumirea de Grup \u015ecolar \u201dOvid Densu\u0219ianu\u201d C\u0103lan. \u020ancepand cu 01.09.2012 Grupul \u015ecolar\u201dOvid Densu\u0219ianu\u201d \u020b\u0219i schimb\u0103 din nou denumirea \u020bn <\/span><a href=\"http:\/\/www.ltodcalan.ro\/\"><span lang=\"ro-RO\">Liceul Tehnologic \u201dOvid <\/span><span lang=\"ro-RO\">Densu\u0219ianu<\/span><span lang=\"ro-RO\">\u201d C\u0103lan.<\/span><\/a><\/p>\t\t\t\t\t\t<\/div>\n\t\t\t\t<\/div>\n\t\t\t\t\t<\/div>\n\t\t<\/div>\n\t\t\t\t\t<\/div>\n\t\t<\/section>\n\t\t\t\t<\/div>\n\t\t","protected":false},"excerpt":{"rendered":"<p>\u020anvatamantul este atestat \u020bn zona C\u0103lanului, cu unit\u0103\u021bi \u0219colare de sine st\u0103t\u0103toare, de la sf\u00e2r\u0219itul secolului al XIX \u2013 lea. \u00cen Ora\u0219ul Vechi C\u0103lan \u0219coala a fost organizat\u0103 la sf\u00e2r\u0219itul&hellip;<\/p>\n","protected":false},"author":1,"featured_media":0,"parent":0,"menu_order":0,"comment_status":"closed","ping_status":"closed","template":"","meta":{"_acf_changed":false,"footnotes":""},"folder":[],"acf":[],"_links":{"self":[{"href":"https:\/\/www.primariacalan.ro\/index.php?rest_route=\/wp\/v2\/pages\/1617"}],"collection":[{"href":"https:\/\/www.primariacalan.ro\/index.php?rest_route=\/wp\/v2\/pages"}],"about":[{"href":"https:\/\/www.primariacalan.ro\/index.php?rest_route=\/wp\/v2\/types\/page"}],"author":[{"embeddable":true,"href":"https:\/\/www.primariacalan.ro\/index.php?rest_route=\/wp\/v2\/users\/1"}],"replies":[{"embeddable":true,"href":"https:\/\/www.primariacalan.ro\/index.php?rest_route=%2Fwp%2Fv2%2Fcomments&post=1617"}],"version-history":[{"count":4,"href":"https:\/\/www.primariacalan.ro\/index.php?rest_route=\/wp\/v2\/pages\/1617\/revisions"}],"predecessor-version":[{"id":1711,"href":"https:\/\/www.primariacalan.ro\/index.php?rest_route=\/wp\/v2\/pages\/1617\/revisions\/1711"}],"wp:attachment":[{"href":"https:\/\/www.primariacalan.ro\/index.php?rest_route=%2Fwp%2Fv2%2Fmedia&parent=1617"}],"wp:term":[{"taxonomy":"folder","embeddable":true,"href":"https:\/\/www.primariacalan.ro\/index.php?rest_route=%2Fwp%2Fv2%2Ffolder&post=1617"}],"curies":[{"name":"wp","href":"https:\/\/api.w.org\/{rel}","templated":true}]}}